{"id":4402,"date":"2025-09-18T21:22:56","date_gmt":"2025-09-18T19:22:56","guid":{"rendered":"https:\/\/enteka.fr\/?page_id=4402"},"modified":"2025-09-23T09:47:02","modified_gmt":"2025-09-23T07:47:02","slug":"apaiser-sc","status":"publish","type":"page","link":"https:\/\/enteka.fr\/index.php\/apaiser-sc\/","title":{"rendered":"APAISER S&amp;C"},"content":{"rendered":"\t\t<div data-elementor-type=\"wp-page\" data-elementor-id=\"4402\" class=\"elementor elementor-4402\" data-elementor-post-type=\"page\">\n\t\t\t\t\t\t<section class=\"elementor-section elementor-top-section elementor-element elementor-element-853de6f elementor-section-full_width elementor-section-stretched elementor-section-height-default elementor-section-height-default\" data-id=\"853de6f\" data-element_type=\"section\" data-e-type=\"section\" data-settings=\"{&quot;stretch_section&quot;:&quot;section-stretched&quot;,&quot;shape_divider_top&quot;:&quot;opacity-tilt&quot;}\">\n\t\t\t\t\t<div class=\"elementor-shape elementor-shape-top\" aria-hidden=\"true\" data-negative=\"false\">\n\t\t\t<svg xmlns=\"http:\/\/www.w3.org\/2000\/svg\" viewBox=\"0 0 2600 131.1\" preserveAspectRatio=\"none\">\n\t<path class=\"elementor-shape-fill\" d=\"M0 0L2600 0 2600 69.1 0 0z\"\/>\n\t<path class=\"elementor-shape-fill\" style=\"opacity:0.5\" d=\"M0 0L2600 0 2600 69.1 0 69.1z\"\/>\n\t<path class=\"elementor-shape-fill\" style=\"opacity:0.25\" d=\"M2600 0L0 0 0 130.1 2600 69.1z\"\/>\n<\/svg>\t\t<\/div>\n\t\t\t\t\t<div class=\"elementor-container elementor-column-gap-default\">\n\t\t\t\t\t<div class=\"elementor-column elementor-col-100 elementor-top-column elementor-element elementor-element-bd510a3\" data-id=\"bd510a3\" data-element_type=\"column\" data-e-type=\"column\">\n\t\t\t<div class=\"elementor-widget-wrap elementor-element-populated\">\n\t\t\t\t\t\t<div class=\"elementor-element elementor-element-c44fd9f elementor-widget elementor-widget-image\" data-id=\"c44fd9f\" data-element_type=\"widget\" data-e-type=\"widget\" data-widget_type=\"image.default\">\n\t\t\t\t<div class=\"elementor-widget-container\">\n\t\t\t\t\t\t\t\t\t\t\t\t\t\t\t<img fetchpriority=\"high\" decoding=\"async\" width=\"2560\" height=\"1710\" src=\"https:\/\/enteka.fr\/wp-content\/uploads\/2025\/09\/apaiser-colloque-scaled.jpg\" class=\"attachment-full size-full wp-image-4423\" alt=\"\" srcset=\"https:\/\/enteka.fr\/wp-content\/uploads\/2025\/09\/apaiser-colloque-scaled.jpg 2560w, https:\/\/enteka.fr\/wp-content\/uploads\/2025\/09\/apaiser-colloque-300x200.jpg 300w, https:\/\/enteka.fr\/wp-content\/uploads\/2025\/09\/apaiser-colloque-1024x684.jpg 1024w, https:\/\/enteka.fr\/wp-content\/uploads\/2025\/09\/apaiser-colloque-768x513.jpg 768w, https:\/\/enteka.fr\/wp-content\/uploads\/2025\/09\/apaiser-colloque-1536x1026.jpg 1536w, https:\/\/enteka.fr\/wp-content\/uploads\/2025\/09\/apaiser-colloque-2048x1368.jpg 2048w\" sizes=\"(max-width: 2560px) 100vw, 2560px\" \/>\t\t\t\t\t\t\t\t\t\t\t\t\t\t\t<\/div>\n\t\t\t\t<\/div>\n\t\t\t\t\t<\/div>\n\t\t<\/div>\n\t\t\t\t\t<\/div>\n\t\t<\/section>\n\t\t\t\t<section class=\"elementor-section elementor-top-section elementor-element elementor-element-5a1997a elementor-section-boxed elementor-section-height-default elementor-section-height-default\" data-id=\"5a1997a\" data-element_type=\"section\" data-e-type=\"section\">\n\t\t\t\t\t\t<div class=\"elementor-container elementor-column-gap-default\">\n\t\t\t\t\t<div class=\"elementor-column elementor-col-50 elementor-top-column elementor-element elementor-element-49f345c\" data-id=\"49f345c\" data-element_type=\"column\" data-e-type=\"column\">\n\t\t\t<div class=\"elementor-widget-wrap elementor-element-populated\">\n\t\t\t\t\t\t<div class=\"elementor-element elementor-element-8197e5a elementor-widget elementor-widget-image\" data-id=\"8197e5a\" data-element_type=\"widget\" data-e-type=\"widget\" data-widget_type=\"image.default\">\n\t\t\t\t<div class=\"elementor-widget-container\">\n\t\t\t\t\t\t\t\t\t\t\t\t\t\t\t<img decoding=\"async\" width=\"300\" height=\"300\" src=\"https:\/\/enteka.fr\/wp-content\/uploads\/2020\/09\/apaiser-carrousel.png\" class=\"attachment-large size-large wp-image-3945\" alt=\"Apaiser S&amp;C\" srcset=\"https:\/\/enteka.fr\/wp-content\/uploads\/2020\/09\/apaiser-carrousel.png 300w, https:\/\/enteka.fr\/wp-content\/uploads\/2020\/09\/apaiser-carrousel-150x150.png 150w, https:\/\/enteka.fr\/wp-content\/uploads\/2020\/09\/apaiser-carrousel-116x116.png 116w\" sizes=\"(max-width: 300px) 100vw, 300px\" \/>\t\t\t\t\t\t\t\t\t\t\t\t\t\t\t<\/div>\n\t\t\t\t<\/div>\n\t\t\t\t<div class=\"elementor-element elementor-element-6a14ae0 elementor-widget elementor-widget-text-editor\" data-id=\"6a14ae0\" data-element_type=\"widget\" data-e-type=\"widget\" data-widget_type=\"text-editor.default\">\n\t\t\t\t<div class=\"elementor-widget-container\">\n\t\t\t\t\t\t\t\t\t<p><em>Cr\u00e9\u00e9e en 2000, Apaiser S&amp;C est une association, reconnue d&rsquo;int\u00e9r\u00eat g\u00e9n\u00e9ral, repr\u00e9sentant les patients atteints de syringomy\u00e9lie et de malformation de Chiari, deux maladies neurologiques rares. Elle est membre de l&rsquo;Alliance Maladies rares et du collectif europ\u00e9en Eurordis.<\/em><\/p><p><em>Enteka accompagne Apaiser S&amp;C dans ses actions de plaidoyer en faveur d&rsquo;une r\u00e9glementation du cannabis th\u00e9rapeutique depuis 2020, et a repris les outils de communication de l&rsquo;association ainsi que l&rsquo;animation de ses colloques depuis 2023<\/em><\/p>\t\t\t\t\t\t\t\t<\/div>\n\t\t\t\t<\/div>\n\t\t\t\t<div class=\"elementor-element elementor-element-2f4b171 elementor-widget elementor-widget-image\" data-id=\"2f4b171\" data-element_type=\"widget\" data-e-type=\"widget\" data-widget_type=\"image.default\">\n\t\t\t\t<div class=\"elementor-widget-container\">\n\t\t\t\t\t\t\t\t\t\t\t\t\t\t\t\t<a href=\"https:\/\/apaiser.org\/newsite\/vivre-avec-la-syringomyelie-et-ou-le-chiari\/\" target=\"_blank\">\n\t\t\t\t\t\t\t<img decoding=\"async\" width=\"510\" height=\"722\" src=\"https:\/\/enteka.fr\/wp-content\/uploads\/2025\/09\/couvVivreAvec.jpg\" class=\"attachment-large size-large wp-image-4471\" alt=\"Vivre Avec le Chiari ou la syringomy\u00e9lie\" srcset=\"https:\/\/enteka.fr\/wp-content\/uploads\/2025\/09\/couvVivreAvec.jpg 510w, https:\/\/enteka.fr\/wp-content\/uploads\/2025\/09\/couvVivreAvec-212x300.jpg 212w\" sizes=\"(max-width: 510px) 100vw, 510px\" \/>\t\t\t\t\t\t\t\t<\/a>\n\t\t\t\t\t\t\t\t\t\t\t\t\t\t\t<\/div>\n\t\t\t\t<\/div>\n\t\t\t\t\t<\/div>\n\t\t<\/div>\n\t\t\t\t<div class=\"elementor-column elementor-col-50 elementor-top-column elementor-element elementor-element-b59c660\" data-id=\"b59c660\" data-element_type=\"column\" data-e-type=\"column\">\n\t\t\t<div class=\"elementor-widget-wrap elementor-element-populated\">\n\t\t\t\t\t\t<div class=\"elementor-element elementor-element-277f794 elementor-view-framed elementor-position-inline-start elementor-shape-circle elementor-mobile-position-block-start elementor-widget elementor-widget-icon-box\" data-id=\"277f794\" data-element_type=\"widget\" data-e-type=\"widget\" data-widget_type=\"icon-box.default\">\n\t\t\t\t<div class=\"elementor-widget-container\">\n\t\t\t\t\t\t\t<div class=\"elementor-icon-box-wrapper\">\n\n\t\t\t\t\t\t<div class=\"elementor-icon-box-icon\">\n\t\t\t\t<span  class=\"elementor-icon\">\n\t\t\t\t<i aria-hidden=\"true\" class=\"fas fa-feather-alt\"><\/i>\t\t\t\t<\/span>\n\t\t\t<\/div>\n\t\t\t\n\t\t\t\t\t\t<div class=\"elementor-icon-box-content\">\n\n\t\t\t\t\t\t\t\t\t<h3 class=\"elementor-icon-box-title\">\n\t\t\t\t\t\t<span  >\n\t\t\t\t\t\t\tConception d'outils de communication\t\t\t\t\t\t<\/span>\n\t\t\t\t\t<\/h3>\n\t\t\t\t\n\t\t\t\t\n\t\t\t<\/div>\n\t\t\t\n\t\t<\/div>\n\t\t\t\t\t\t<\/div>\n\t\t\t\t<\/div>\n\t\t\t\t<div class=\"elementor-element elementor-element-3a09352 elementor-widget elementor-widget-text-editor\" data-id=\"3a09352\" data-element_type=\"widget\" data-e-type=\"widget\" data-widget_type=\"text-editor.default\">\n\t\t\t\t<div class=\"elementor-widget-container\">\n\t\t\t\t\t\t\t\t\t<ul><li>Conception-r\u00e9daction du livre blanc <a href=\"https:\/\/apaiser.org\/newsite\/vivre-avec-la-syringomyelie-et-ou-le-chiari\/\" target=\"_blank\" rel=\"noopener\">\u00ab\u00a0Vivre avec le Chiari et la syringom\u00e9lie\u00a0\u00bb.<\/a><\/li><li>Conception-r\u00e9daction du \u00ab\u00a0<a href=\"https:\/\/apaiser.org\/newsite\/wp-content\/uploads\/2025\/04\/guide-2.pdf\" target=\"_blank\" rel=\"noopener\">Guide\u00a0 syringomy\u00e9lie et Chiari<\/a>\u00ab\u00a0, destin\u00e9 aux patients nouvellement diagnostiqu\u00e9s.<\/li><li>Cr\u00e9ation et animation du site internet <a href=\"http:\/\/www.apaiser.org\" target=\"_blank\" rel=\"noopener\">Apaiser.org<\/a><\/li><li>Community management des comptes Facebook et Instagram.<\/li><li>R\u00e9daction d&rsquo;articles pour le journal MagApaiser.<\/li><\/ul>\t\t\t\t\t\t\t\t<\/div>\n\t\t\t\t<\/div>\n\t\t\t\t<div class=\"elementor-element elementor-element-ad23a4c elementor-view-framed elementor-position-inline-start elementor-shape-circle elementor-mobile-position-block-start elementor-widget elementor-widget-icon-box\" data-id=\"ad23a4c\" data-element_type=\"widget\" data-e-type=\"widget\" data-widget_type=\"icon-box.default\">\n\t\t\t\t<div class=\"elementor-widget-container\">\n\t\t\t\t\t\t\t<div class=\"elementor-icon-box-wrapper\">\n\n\t\t\t\t\t\t<div class=\"elementor-icon-box-icon\">\n\t\t\t\t<span  class=\"elementor-icon\">\n\t\t\t\t<i aria-hidden=\"true\" class=\"fas fa-graduation-cap\"><\/i>\t\t\t\t<\/span>\n\t\t\t<\/div>\n\t\t\t\n\t\t\t\t\t\t<div class=\"elementor-icon-box-content\">\n\n\t\t\t\t\t\t\t\t\t<h3 class=\"elementor-icon-box-title\">\n\t\t\t\t\t\t<span  >\n\t\t\t\t\t\t\tRecueil de la parole citoyenne\t\t\t\t\t\t<\/span>\n\t\t\t\t\t<\/h3>\n\t\t\t\t\n\t\t\t\t\n\t\t\t<\/div>\n\t\t\t\n\t\t<\/div>\n\t\t\t\t\t\t<\/div>\n\t\t\t\t<\/div>\n\t\t\t\t<div class=\"elementor-element elementor-element-31ee62e elementor-widget elementor-widget-text-editor\" data-id=\"31ee62e\" data-element_type=\"widget\" data-e-type=\"widget\" data-widget_type=\"text-editor.default\">\n\t\t\t\t<div class=\"elementor-widget-container\">\n\t\t\t\t\t\t\t\t\t<ul><li>Enqu\u00eate qualit\u00e9 de vie \u00ab\u00a0Vivre Avec\u00a0\u00bb, visant \u00e0 objectiver les conditions de vie des patients et de leurs aidants.<\/li><li>Phase quantitative : 8 questionnaires, 2200 participants.<\/li><li>Phase qualitative : 13 entretiens de groupe, 97 participants.<\/li><li>Animation d&rsquo;ateliers participatifs et de tables rondes lors des colloques annuels de l&rsquo;association.<\/li><\/ul>\t\t\t\t\t\t\t\t<\/div>\n\t\t\t\t<\/div>\n\t\t\t\t<div class=\"elementor-element elementor-element-c103e46 elementor-view-framed elementor-position-inline-start elementor-shape-circle elementor-mobile-position-block-start elementor-widget elementor-widget-icon-box\" data-id=\"c103e46\" data-element_type=\"widget\" data-e-type=\"widget\" data-widget_type=\"icon-box.default\">\n\t\t\t\t<div class=\"elementor-widget-container\">\n\t\t\t\t\t\t\t<div class=\"elementor-icon-box-wrapper\">\n\n\t\t\t\t\t\t<div class=\"elementor-icon-box-icon\">\n\t\t\t\t<span  class=\"elementor-icon\">\n\t\t\t\t<i aria-hidden=\"true\" class=\"fas fa-newspaper\"><\/i>\t\t\t\t<\/span>\n\t\t\t<\/div>\n\t\t\t\n\t\t\t\t\t\t<div class=\"elementor-icon-box-content\">\n\n\t\t\t\t\t\t\t\t\t<h3 class=\"elementor-icon-box-title\">\n\t\t\t\t\t\t<span  >\n\t\t\t\t\t\t\tPlaidoyer et relations presse\t\t\t\t\t\t<\/span>\n\t\t\t\t\t<\/h3>\n\t\t\t\t\n\t\t\t\t\n\t\t\t<\/div>\n\t\t\t\n\t\t<\/div>\n\t\t\t\t\t\t<\/div>\n\t\t\t\t<\/div>\n\t\t\t\t<div class=\"elementor-element elementor-element-b3ffa78 elementor-widget elementor-widget-text-editor\" data-id=\"b3ffa78\" data-element_type=\"widget\" data-e-type=\"widget\" data-widget_type=\"text-editor.default\">\n\t\t\t\t<div class=\"elementor-widget-container\">\n\t\t\t\t\t\t\t\t\t<ul><li>R\u00e9alisation du dossier de presse de l&rsquo;association<\/li><li>Plaidoyer des actions en faveur du cannabis th\u00e9rapeutique<\/li><li>Media training de la Pr\u00e9sidente de l&rsquo;association<\/li><li>R\u00e9daction du dossier m\u00e9c\u00e9nat de l&rsquo;association<\/li><\/ul>\t\t\t\t\t\t\t\t<\/div>\n\t\t\t\t<\/div>\n\t\t\t\t<div class=\"elementor-element elementor-element-92b214c elementor-view-framed elementor-position-inline-start elementor-shape-circle elementor-mobile-position-block-start elementor-widget elementor-widget-icon-box\" data-id=\"92b214c\" data-element_type=\"widget\" data-e-type=\"widget\" data-widget_type=\"icon-box.default\">\n\t\t\t\t<div class=\"elementor-widget-container\">\n\t\t\t\t\t\t\t<div class=\"elementor-icon-box-wrapper\">\n\n\t\t\t\t\t\t<div class=\"elementor-icon-box-icon\">\n\t\t\t\t<span  class=\"elementor-icon\">\n\t\t\t\t<i aria-hidden=\"true\" class=\"fas fa-graduation-cap\"><\/i>\t\t\t\t<\/span>\n\t\t\t<\/div>\n\t\t\t\n\t\t\t\t\t\t<div class=\"elementor-icon-box-content\">\n\n\t\t\t\t\t\t\t\t\t<h3 class=\"elementor-icon-box-title\">\n\t\t\t\t\t\t<span  >\n\t\t\t\t\t\t\tFormations pour acteurs engag\u00e9s\t\t\t\t\t\t<\/span>\n\t\t\t\t\t<\/h3>\n\t\t\t\t\n\t\t\t\t\n\t\t\t<\/div>\n\t\t\t\n\t\t<\/div>\n\t\t\t\t\t\t<\/div>\n\t\t\t\t<\/div>\n\t\t\t\t<div class=\"elementor-element elementor-element-099e7d8 elementor-widget elementor-widget-text-editor\" data-id=\"099e7d8\" data-element_type=\"widget\" data-e-type=\"widget\" data-widget_type=\"text-editor.default\">\n\t\t\t\t<div class=\"elementor-widget-container\">\n\t\t\t\t\t\t\t\t\t<ul><li>Formation des b\u00e9n\u00e9voles de l&rsquo;association \u00e0 la prise de parole<\/li><li style=\"font-size: 14px;\">Formation des b\u00e9n\u00e9voles de l&rsquo;association \u00e0 l&rsquo;animation participative<\/li><li style=\"font-size: 14px;\">R\u00e9daction d&rsquo;un guide de bonnes pratiques pour les d\u00e9l\u00e9gu\u00e9s r\u00e9gionaux<\/li><\/ul>\t\t\t\t\t\t\t\t<\/div>\n\t\t\t\t<\/div>\n\t\t\t\t\t<\/div>\n\t\t<\/div>\n\t\t\t\t\t<\/div>\n\t\t<\/section>\n\t\t\t\t<\/div>\n\t\t","protected":false},"excerpt":{"rendered":"<p>Cr\u00e9\u00e9e en 2000, Apaiser S&amp;C est une association, reconnue d&rsquo;int\u00e9r\u00eat g\u00e9n\u00e9ral, repr\u00e9sentant les patients atteints de syringomy\u00e9lie et de malformation de Chiari, deux maladies neurologiques rares. Elle est membre de l&rsquo;Alliance Maladies rares et du collectif europ\u00e9en Eurordis. Enteka accompagne Apaiser S&amp;C dans ses actions de plaidoyer en faveur d&rsquo;une r\u00e9glementation du cannabis th\u00e9rapeutique depuis [&hellip;]<\/p>\n","protected":false},"author":1,"featured_media":0,"parent":0,"menu_order":0,"comment_status":"closed","ping_status":"closed","template":"","meta":{"ocean_post_layout":"","ocean_both_sidebars_style":"","ocean_both_sidebars_content_width":0,"ocean_both_sidebars_sidebars_width":0,"ocean_sidebar":"","ocean_second_sidebar":"","ocean_disable_margins":"enable","ocean_add_body_class":"","ocean_shortcode_before_top_bar":"","ocean_shortcode_after_top_bar":"","ocean_shortcode_before_header":"","ocean_shortcode_after_header":"","ocean_has_shortcode":"","ocean_shortcode_after_title":"","ocean_shortcode_before_footer_widgets":"","ocean_shortcode_after_footer_widgets":"","ocean_shortcode_before_footer_bottom":"","ocean_shortcode_after_footer_bottom":"","ocean_display_top_bar":"default","ocean_display_header":"default","ocean_header_style":"","ocean_center_header_left_menu":"","ocean_custom_header_template":"","ocean_custom_logo":0,"ocean_custom_retina_logo":0,"ocean_custom_logo_max_width":0,"ocean_custom_logo_tablet_max_width":0,"ocean_custom_logo_mobile_max_width":0,"ocean_custom_logo_max_height":0,"ocean_custom_logo_tablet_max_height":0,"ocean_custom_logo_mobile_max_height":0,"ocean_header_custom_menu":"","ocean_menu_typo_font_family":"","ocean_menu_typo_font_subset":"","ocean_menu_typo_font_size":0,"ocean_menu_typo_font_size_tablet":0,"ocean_menu_typo_font_size_mobile":0,"ocean_menu_typo_font_size_unit":"px","ocean_menu_typo_font_weight":"","ocean_menu_typo_font_weight_tablet":"","ocean_menu_typo_font_weight_mobile":"","ocean_menu_typo_transform":"","ocean_menu_typo_transform_tablet":"","ocean_menu_typo_transform_mobile":"","ocean_menu_typo_line_height":0,"ocean_menu_typo_line_height_tablet":0,"ocean_menu_typo_line_height_mobile":0,"ocean_menu_typo_line_height_unit":"","ocean_menu_typo_spacing":0,"ocean_menu_typo_spacing_tablet":0,"ocean_menu_typo_spacing_mobile":0,"ocean_menu_typo_spacing_unit":"","ocean_menu_link_color":"","ocean_menu_link_color_hover":"","ocean_menu_link_color_active":"","ocean_menu_link_background":"","ocean_menu_link_hover_background":"","ocean_menu_link_active_background":"","ocean_menu_social_links_bg":"","ocean_menu_social_hover_links_bg":"","ocean_menu_social_links_color":"","ocean_menu_social_hover_links_color":"","ocean_disable_title":"default","ocean_disable_heading":"default","ocean_post_title":"","ocean_post_subheading":"","ocean_post_title_style":"","ocean_post_title_background_color":"","ocean_post_title_background":0,"ocean_post_title_bg_image_position":"","ocean_post_title_bg_image_attachment":"","ocean_post_title_bg_image_repeat":"","ocean_post_title_bg_image_size":"","ocean_post_title_height":0,"ocean_post_title_bg_overlay":0.5,"ocean_post_title_bg_overlay_color":"","ocean_disable_breadcrumbs":"default","ocean_breadcrumbs_color":"","ocean_breadcrumbs_separator_color":"","ocean_breadcrumbs_links_color":"","ocean_breadcrumbs_links_hover_color":"","ocean_display_footer_widgets":"default","ocean_display_footer_bottom":"default","ocean_custom_footer_template":"","footnotes":""},"class_list":["post-4402","page","type-page","status-publish","hentry","entry"],"rttpg_featured_image_url":null,"rttpg_author":{"display_name":"Fr\u00e9d\u00e9ric","author_link":"https:\/\/enteka.fr\/index.php\/author\/admin2546\/"},"rttpg_comment":0,"rttpg_category":null,"rttpg_excerpt":"Cr\u00e9\u00e9e en 2000, Apaiser S&amp;C est une association, reconnue d&rsquo;int\u00e9r\u00eat g\u00e9n\u00e9ral, repr\u00e9sentant les patients atteints de syringomy\u00e9lie et de malformation de Chiari, deux maladies neurologiques rares. Elle est membre de l&rsquo;Alliance Maladies rares et du collectif europ\u00e9en Eurordis. Enteka accompagne Apaiser S&amp;C dans ses actions de plaidoyer en faveur d&rsquo;une r\u00e9glementation du cannabis th\u00e9rapeutique depuis\u2026","_links":{"self":[{"href":"https:\/\/enteka.fr\/index.php\/wp-json\/wp\/v2\/pages\/4402","targetHints":{"allow":["GET"]}}],"collection":[{"href":"https:\/\/enteka.fr\/index.php\/wp-json\/wp\/v2\/pages"}],"about":[{"href":"https:\/\/enteka.fr\/index.php\/wp-json\/wp\/v2\/types\/page"}],"author":[{"embeddable":true,"href":"https:\/\/enteka.fr\/index.php\/wp-json\/wp\/v2\/users\/1"}],"replies":[{"embeddable":true,"href":"https:\/\/enteka.fr\/index.php\/wp-json\/wp\/v2\/comments?post=4402"}],"version-history":[{"count":49,"href":"https:\/\/enteka.fr\/index.php\/wp-json\/wp\/v2\/pages\/4402\/revisions"}],"predecessor-version":[{"id":4744,"href":"https:\/\/enteka.fr\/index.php\/wp-json\/wp\/v2\/pages\/4402\/revisions\/4744"}],"wp:attachment":[{"href":"https:\/\/enteka.fr\/index.php\/wp-json\/wp\/v2\/media?parent=4402"}],"curies":[{"name":"wp","href":"https:\/\/api.w.org\/{rel}","templated":true}]}}