{"id":4609,"date":"2025-09-22T13:07:36","date_gmt":"2025-09-22T11:07:36","guid":{"rendered":"https:\/\/enteka.fr\/?page_id=4609"},"modified":"2025-09-22T13:31:15","modified_gmt":"2025-09-22T11:31:15","slug":"pole-dintelligence-logistique","status":"publish","type":"page","link":"https:\/\/enteka.fr\/index.php\/pole-dintelligence-logistique\/","title":{"rendered":"P\u00f4le d&rsquo;intelligence logistique"},"content":{"rendered":"\t\t<div data-elementor-type=\"wp-page\" data-elementor-id=\"4609\" class=\"elementor elementor-4609\" data-elementor-post-type=\"page\">\n\t\t\t\t\t\t<section class=\"elementor-section elementor-top-section elementor-element elementor-element-4ac62092 elementor-section-full_width elementor-section-stretched elementor-section-height-default elementor-section-height-default\" data-id=\"4ac62092\" data-element_type=\"section\" data-e-type=\"section\" data-settings=\"{&quot;stretch_section&quot;:&quot;section-stretched&quot;,&quot;shape_divider_top&quot;:&quot;opacity-tilt&quot;}\">\n\t\t\t\t\t<div class=\"elementor-shape elementor-shape-top\" aria-hidden=\"true\" data-negative=\"false\">\n\t\t\t<svg xmlns=\"http:\/\/www.w3.org\/2000\/svg\" viewBox=\"0 0 2600 131.1\" preserveAspectRatio=\"none\">\n\t<path class=\"elementor-shape-fill\" d=\"M0 0L2600 0 2600 69.1 0 0z\"\/>\n\t<path class=\"elementor-shape-fill\" style=\"opacity:0.5\" d=\"M0 0L2600 0 2600 69.1 0 69.1z\"\/>\n\t<path class=\"elementor-shape-fill\" style=\"opacity:0.25\" d=\"M2600 0L0 0 0 130.1 2600 69.1z\"\/>\n<\/svg>\t\t<\/div>\n\t\t\t\t\t<div class=\"elementor-container elementor-column-gap-default\">\n\t\t\t\t\t<div class=\"elementor-column elementor-col-100 elementor-top-column elementor-element elementor-element-57040e3\" data-id=\"57040e3\" data-element_type=\"column\" data-e-type=\"column\">\n\t\t\t<div class=\"elementor-widget-wrap elementor-element-populated\">\n\t\t\t\t\t\t<div class=\"elementor-element elementor-element-f130efe elementor-widget elementor-widget-image\" data-id=\"f130efe\" data-element_type=\"widget\" data-e-type=\"widget\" data-widget_type=\"image.default\">\n\t\t\t\t<div class=\"elementor-widget-container\">\n\t\t\t\t\t\t\t\t\t\t\t\t\t\t\t<img fetchpriority=\"high\" decoding=\"async\" width=\"800\" height=\"423\" src=\"https:\/\/enteka.fr\/wp-content\/uploads\/2025\/09\/ligneverte-reunion.jpg\" class=\"attachment-full size-full wp-image-4628\" alt=\"\" srcset=\"https:\/\/enteka.fr\/wp-content\/uploads\/2025\/09\/ligneverte-reunion.jpg 800w, https:\/\/enteka.fr\/wp-content\/uploads\/2025\/09\/ligneverte-reunion-300x159.jpg 300w, https:\/\/enteka.fr\/wp-content\/uploads\/2025\/09\/ligneverte-reunion-768x406.jpg 768w\" sizes=\"(max-width: 800px) 100vw, 800px\" \/>\t\t\t\t\t\t\t\t\t\t\t\t\t\t\t<\/div>\n\t\t\t\t<\/div>\n\t\t\t\t\t<\/div>\n\t\t<\/div>\n\t\t\t\t\t<\/div>\n\t\t<\/section>\n\t\t\t\t<section class=\"elementor-section elementor-top-section elementor-element elementor-element-6eb812ce elementor-section-boxed elementor-section-height-default elementor-section-height-default\" data-id=\"6eb812ce\" data-element_type=\"section\" data-e-type=\"section\">\n\t\t\t\t\t\t<div class=\"elementor-container elementor-column-gap-default\">\n\t\t\t\t\t<div class=\"elementor-column elementor-col-50 elementor-top-column elementor-element elementor-element-60ca4c0e\" data-id=\"60ca4c0e\" data-element_type=\"column\" data-e-type=\"column\">\n\t\t\t<div class=\"elementor-widget-wrap elementor-element-populated\">\n\t\t\t\t\t\t<div class=\"elementor-element elementor-element-c5dc34a elementor-widget elementor-widget-image\" data-id=\"c5dc34a\" data-element_type=\"widget\" data-e-type=\"widget\" data-widget_type=\"image.default\">\n\t\t\t\t<div class=\"elementor-widget-container\">\n\t\t\t\t\t\t\t\t\t\t\t\t\t\t\t<img decoding=\"async\" width=\"300\" height=\"300\" src=\"https:\/\/enteka.fr\/wp-content\/uploads\/2025\/09\/logo_Piles.jpg\" class=\"attachment-large size-large wp-image-4624\" alt=\"\" srcset=\"https:\/\/enteka.fr\/wp-content\/uploads\/2025\/09\/logo_Piles.jpg 300w, https:\/\/enteka.fr\/wp-content\/uploads\/2025\/09\/logo_Piles-150x150.jpg 150w\" sizes=\"(max-width: 300px) 100vw, 300px\" \/>\t\t\t\t\t\t\t\t\t\t\t\t\t\t\t<\/div>\n\t\t\t\t<\/div>\n\t\t\t\t<div class=\"elementor-element elementor-element-3516de87 elementor-widget elementor-widget-text-editor\" data-id=\"3516de87\" data-element_type=\"widget\" data-e-type=\"widget\" data-widget_type=\"text-editor.default\">\n\t\t\t\t<div class=\"elementor-widget-container\">\n\t\t\t\t\t\t\t\t\t<p><em>R\u00e9seau associatif regroupant plus de 200 entreprises et professionnels de la fili\u00e8re logistique, le P\u00f4le d&rsquo;intelligence logistique vise \u00e0\u00a0 am\u00e9liorer la comp\u00e9titivit\u00e9 et la performance des entreprises, promouvoir la logistique et ses savoir-faire, d\u00e9velopper l\u2019emploi sur le territoire et am\u00e9liorer les conditions de travail, s\u2019engager concr\u00e8tement dans le d\u00e9veloppement durable et construire la logistique de demain.<\/em><\/p><p><em>Enteka a accompagn\u00e9 entre 2020 et 2022 la d\u00e9marche \u00ab\u00a0Ligne verte\u00a0\u00bb, d\u00e9marche collaborative d&rsquo;accompagnement du changement ayant pour objectif de promouvoir les alternatives au transport routier pour le transport de marchandises entre la M\u00e9diterran\u00e9e et les plateformes logistiques situ\u00e9es en r\u00e9gions lyonnaise et en Nord-Is\u00e8re.<\/em><\/p>\t\t\t\t\t\t\t\t<\/div>\n\t\t\t\t<\/div>\n\t\t\t\t<div class=\"elementor-element elementor-element-5cba166 elementor-widget elementor-widget-image\" data-id=\"5cba166\" data-element_type=\"widget\" data-e-type=\"widget\" data-widget_type=\"image.default\">\n\t\t\t\t<div class=\"elementor-widget-container\">\n\t\t\t\t\t\t\t\t\t\t\t\t\t\t\t<img decoding=\"async\" width=\"600\" height=\"338\" src=\"https:\/\/enteka.fr\/wp-content\/uploads\/2025\/09\/LigneVerteLogo.jpg\" class=\"attachment-large size-large wp-image-4630\" alt=\"\" srcset=\"https:\/\/enteka.fr\/wp-content\/uploads\/2025\/09\/LigneVerteLogo.jpg 600w, https:\/\/enteka.fr\/wp-content\/uploads\/2025\/09\/LigneVerteLogo-300x169.jpg 300w\" sizes=\"(max-width: 600px) 100vw, 600px\" \/>\t\t\t\t\t\t\t\t\t\t\t\t\t\t\t<\/div>\n\t\t\t\t<\/div>\n\t\t\t\t<div class=\"elementor-element elementor-element-e280d73 elementor-widget elementor-widget-text-editor\" data-id=\"e280d73\" data-element_type=\"widget\" data-e-type=\"widget\" data-widget_type=\"text-editor.default\">\n\t\t\t\t<div class=\"elementor-widget-container\">\n\t\t\t\t\t\t\t\t\t<p>Identit\u00e9 visuelle de la d\u00e9marche Ligne verte<\/p>\t\t\t\t\t\t\t\t<\/div>\n\t\t\t\t<\/div>\n\t\t\t\t\t<\/div>\n\t\t<\/div>\n\t\t\t\t<div class=\"elementor-column elementor-col-50 elementor-top-column elementor-element elementor-element-5c216524\" data-id=\"5c216524\" data-element_type=\"column\" data-e-type=\"column\">\n\t\t\t<div class=\"elementor-widget-wrap elementor-element-populated\">\n\t\t\t\t\t\t<div class=\"elementor-element elementor-element-9ac39ab elementor-view-framed elementor-position-inline-start elementor-shape-circle elementor-mobile-position-block-start elementor-widget elementor-widget-icon-box\" data-id=\"9ac39ab\" data-element_type=\"widget\" data-e-type=\"widget\" data-widget_type=\"icon-box.default\">\n\t\t\t\t<div class=\"elementor-widget-container\">\n\t\t\t\t\t\t\t<div class=\"elementor-icon-box-wrapper\">\n\n\t\t\t\t\t\t<div class=\"elementor-icon-box-icon\">\n\t\t\t\t<span  class=\"elementor-icon\">\n\t\t\t\t<i aria-hidden=\"true\" class=\"fas fa-feather-alt\"><\/i>\t\t\t\t<\/span>\n\t\t\t<\/div>\n\t\t\t\n\t\t\t\t\t\t<div class=\"elementor-icon-box-content\">\n\n\t\t\t\t\t\t\t\t\t<h3 class=\"elementor-icon-box-title\">\n\t\t\t\t\t\t<span  >\n\t\t\t\t\t\t\tConception d'outils de communication\t\t\t\t\t\t<\/span>\n\t\t\t\t\t<\/h3>\n\t\t\t\t\n\t\t\t\t\n\t\t\t<\/div>\n\t\t\t\n\t\t<\/div>\n\t\t\t\t\t\t<\/div>\n\t\t\t\t<\/div>\n\t\t\t\t<div class=\"elementor-element elementor-element-788696ff elementor-widget elementor-widget-text-editor\" data-id=\"788696ff\" data-element_type=\"widget\" data-e-type=\"widget\" data-widget_type=\"text-editor.default\">\n\t\t\t\t<div class=\"elementor-widget-container\">\n\t\t\t\t\t\t\t\t\t<ul><li>Cr\u00e9ation de l&rsquo;identit\u00e9 visuelle de la d\u00e9marche Ligne verte<\/li><li>Conception-r\u00e9daction de supports d&rsquo;animation des r\u00e9unions participatives.<\/li><\/ul>\t\t\t\t\t\t\t\t<\/div>\n\t\t\t\t<\/div>\n\t\t\t\t<div class=\"elementor-element elementor-element-1aad2fe6 elementor-view-framed elementor-position-inline-start elementor-shape-circle elementor-mobile-position-block-start elementor-widget elementor-widget-icon-box\" data-id=\"1aad2fe6\" data-element_type=\"widget\" data-e-type=\"widget\" data-widget_type=\"icon-box.default\">\n\t\t\t\t<div class=\"elementor-widget-container\">\n\t\t\t\t\t\t\t<div class=\"elementor-icon-box-wrapper\">\n\n\t\t\t\t\t\t<div class=\"elementor-icon-box-icon\">\n\t\t\t\t<span  class=\"elementor-icon\">\n\t\t\t\t<i aria-hidden=\"true\" class=\"fas fa-graduation-cap\"><\/i>\t\t\t\t<\/span>\n\t\t\t<\/div>\n\t\t\t\n\t\t\t\t\t\t<div class=\"elementor-icon-box-content\">\n\n\t\t\t\t\t\t\t\t\t<h3 class=\"elementor-icon-box-title\">\n\t\t\t\t\t\t<span  >\n\t\t\t\t\t\t\tRecueil de la parole citoyenne\t\t\t\t\t\t<\/span>\n\t\t\t\t\t<\/h3>\n\t\t\t\t\n\t\t\t\t\n\t\t\t<\/div>\n\t\t\t\n\t\t<\/div>\n\t\t\t\t\t\t<\/div>\n\t\t\t\t<\/div>\n\t\t\t\t<div class=\"elementor-element elementor-element-545601fd elementor-widget elementor-widget-text-editor\" data-id=\"545601fd\" data-element_type=\"widget\" data-e-type=\"widget\" data-widget_type=\"text-editor.default\">\n\t\t\t\t<div class=\"elementor-widget-container\">\n\t\t\t\t\t\t\t\t\t<ul><li>Participation \u00e0 l&rsquo;\u00e9tude pr\u00e9alable au lancement de la d\u00e9marche Ligne verte, au travers d&rsquo;interviews d&rsquo;acteurs (chargeurs, op\u00e9rateurs d&rsquo;infrastructure, transporteurs&#8230;)<\/li><li>Participation \u00e0 l&rsquo;animation d&rsquo;ateliers participatifs.<\/li><\/ul>\t\t\t\t\t\t\t\t<\/div>\n\t\t\t\t<\/div>\n\t\t\t\t<div class=\"elementor-element elementor-element-5a06656b elementor-view-framed elementor-position-inline-start elementor-shape-circle elementor-mobile-position-block-start elementor-widget elementor-widget-icon-box\" data-id=\"5a06656b\" data-element_type=\"widget\" data-e-type=\"widget\" data-widget_type=\"icon-box.default\">\n\t\t\t\t<div class=\"elementor-widget-container\">\n\t\t\t\t\t\t\t<div class=\"elementor-icon-box-wrapper\">\n\n\t\t\t\t\t\t<div class=\"elementor-icon-box-icon\">\n\t\t\t\t<span  class=\"elementor-icon\">\n\t\t\t\t<i aria-hidden=\"true\" class=\"fas fa-newspaper\"><\/i>\t\t\t\t<\/span>\n\t\t\t<\/div>\n\t\t\t\n\t\t\t\t\t\t<div class=\"elementor-icon-box-content\">\n\n\t\t\t\t\t\t\t\t\t<h3 class=\"elementor-icon-box-title\">\n\t\t\t\t\t\t<span  >\n\t\t\t\t\t\t\tPlaidoyer et relations presse\t\t\t\t\t\t<\/span>\n\t\t\t\t\t<\/h3>\n\t\t\t\t\n\t\t\t\t\n\t\t\t<\/div>\n\t\t\t\n\t\t<\/div>\n\t\t\t\t\t\t<\/div>\n\t\t\t\t<\/div>\n\t\t\t\t<div class=\"elementor-element elementor-element-4f8e8ed3 elementor-widget elementor-widget-text-editor\" data-id=\"4f8e8ed3\" data-element_type=\"widget\" data-e-type=\"widget\" data-widget_type=\"text-editor.default\">\n\t\t\t\t<div class=\"elementor-widget-container\">\n\t\t\t\t\t\t\t\t\t<ul><li>R\u00e9alisation du dossier de presse de la d\u00e9marche Ligne verte<\/li><li>Relations presse de la d\u00e9marche Ligne verte (communiqu\u00e9s,\u00a0 conf\u00e9rence de presse, invitations et relance&#8230;)<\/li><\/ul>\t\t\t\t\t\t\t\t<\/div>\n\t\t\t\t<\/div>\n\t\t\t\t\t<\/div>\n\t\t<\/div>\n\t\t\t\t\t<\/div>\n\t\t<\/section>\n\t\t\t\t<\/div>\n\t\t","protected":false},"excerpt":{"rendered":"<p>R\u00e9seau associatif regroupant plus de 200 entreprises et professionnels de la fili\u00e8re logistique, le P\u00f4le d&rsquo;intelligence logistique vise \u00e0\u00a0 am\u00e9liorer la comp\u00e9titivit\u00e9 et la performance des entreprises, promouvoir la logistique et ses savoir-faire, d\u00e9velopper l\u2019emploi sur le territoire et am\u00e9liorer les conditions de travail, s\u2019engager concr\u00e8tement dans le d\u00e9veloppement durable et construire la logistique de [&hellip;]<\/p>\n","protected":false},"author":1,"featured_media":0,"parent":0,"menu_order":0,"comment_status":"closed","ping_status":"closed","template":"","meta":{"ocean_post_layout":"","ocean_both_sidebars_style":"","ocean_both_sidebars_content_width":0,"ocean_both_sidebars_sidebars_width":0,"ocean_sidebar":"","ocean_second_sidebar":"","ocean_disable_margins":"enable","ocean_add_body_class":"","ocean_shortcode_before_top_bar":"","ocean_shortcode_after_top_bar":"","ocean_shortcode_before_header":"","ocean_shortcode_after_header":"","ocean_has_shortcode":"","ocean_shortcode_after_title":"","ocean_shortcode_before_footer_widgets":"","ocean_shortcode_after_footer_widgets":"","ocean_shortcode_before_footer_bottom":"","ocean_shortcode_after_footer_bottom":"","ocean_display_top_bar":"default","ocean_display_header":"default","ocean_header_style":"","ocean_center_header_left_menu":"","ocean_custom_header_template":"","ocean_custom_logo":0,"ocean_custom_retina_logo":0,"ocean_custom_logo_max_width":0,"ocean_custom_logo_tablet_max_width":0,"ocean_custom_logo_mobile_max_width":0,"ocean_custom_logo_max_height":0,"ocean_custom_logo_tablet_max_height":0,"ocean_custom_logo_mobile_max_height":0,"ocean_header_custom_menu":"","ocean_menu_typo_font_family":"","ocean_menu_typo_font_subset":"","ocean_menu_typo_font_size":0,"ocean_menu_typo_font_size_tablet":0,"ocean_menu_typo_font_size_mobile":0,"ocean_menu_typo_font_size_unit":"px","ocean_menu_typo_font_weight":"","ocean_menu_typo_font_weight_tablet":"","ocean_menu_typo_font_weight_mobile":"","ocean_menu_typo_transform":"","ocean_menu_typo_transform_tablet":"","ocean_menu_typo_transform_mobile":"","ocean_menu_typo_line_height":0,"ocean_menu_typo_line_height_tablet":0,"ocean_menu_typo_line_height_mobile":0,"ocean_menu_typo_line_height_unit":"","ocean_menu_typo_spacing":0,"ocean_menu_typo_spacing_tablet":0,"ocean_menu_typo_spacing_mobile":0,"ocean_menu_typo_spacing_unit":"","ocean_menu_link_color":"","ocean_menu_link_color_hover":"","ocean_menu_link_color_active":"","ocean_menu_link_background":"","ocean_menu_link_hover_background":"","ocean_menu_link_active_background":"","ocean_menu_social_links_bg":"","ocean_menu_social_hover_links_bg":"","ocean_menu_social_links_color":"","ocean_menu_social_hover_links_color":"","ocean_disable_title":"default","ocean_disable_heading":"default","ocean_post_title":"","ocean_post_subheading":"","ocean_post_title_style":"","ocean_post_title_background_color":"","ocean_post_title_background":0,"ocean_post_title_bg_image_position":"","ocean_post_title_bg_image_attachment":"","ocean_post_title_bg_image_repeat":"","ocean_post_title_bg_image_size":"","ocean_post_title_height":0,"ocean_post_title_bg_overlay":0.5,"ocean_post_title_bg_overlay_color":"","ocean_disable_breadcrumbs":"default","ocean_breadcrumbs_color":"","ocean_breadcrumbs_separator_color":"","ocean_breadcrumbs_links_color":"","ocean_breadcrumbs_links_hover_color":"","ocean_display_footer_widgets":"default","ocean_display_footer_bottom":"default","ocean_custom_footer_template":"","footnotes":""},"class_list":["post-4609","page","type-page","status-publish","hentry","entry"],"rttpg_featured_image_url":null,"rttpg_author":{"display_name":"Fr\u00e9d\u00e9ric","author_link":"https:\/\/enteka.fr\/index.php\/author\/admin2546\/"},"rttpg_comment":0,"rttpg_category":null,"rttpg_excerpt":"R\u00e9seau associatif regroupant plus de 200 entreprises et professionnels de la fili\u00e8re logistique, le P\u00f4le d&rsquo;intelligence logistique vise \u00e0\u00a0 am\u00e9liorer la comp\u00e9titivit\u00e9 et la performance des entreprises, promouvoir la logistique et ses savoir-faire, d\u00e9velopper l\u2019emploi sur le territoire et am\u00e9liorer les conditions de travail, s\u2019engager concr\u00e8tement dans le d\u00e9veloppement durable et construire la logistique de\u2026","_links":{"self":[{"href":"https:\/\/enteka.fr\/index.php\/wp-json\/wp\/v2\/pages\/4609","targetHints":{"allow":["GET"]}}],"collection":[{"href":"https:\/\/enteka.fr\/index.php\/wp-json\/wp\/v2\/pages"}],"about":[{"href":"https:\/\/enteka.fr\/index.php\/wp-json\/wp\/v2\/types\/page"}],"author":[{"embeddable":true,"href":"https:\/\/enteka.fr\/index.php\/wp-json\/wp\/v2\/users\/1"}],"replies":[{"embeddable":true,"href":"https:\/\/enteka.fr\/index.php\/wp-json\/wp\/v2\/comments?post=4609"}],"version-history":[{"count":7,"href":"https:\/\/enteka.fr\/index.php\/wp-json\/wp\/v2\/pages\/4609\/revisions"}],"predecessor-version":[{"id":4633,"href":"https:\/\/enteka.fr\/index.php\/wp-json\/wp\/v2\/pages\/4609\/revisions\/4633"}],"wp:attachment":[{"href":"https:\/\/enteka.fr\/index.php\/wp-json\/wp\/v2\/media?parent=4609"}],"curies":[{"name":"wp","href":"https:\/\/api.w.org\/{rel}","templated":true}]}}